{"id":2096,"date":"2021-10-30T13:05:38","date_gmt":"2021-10-30T11:05:38","guid":{"rendered":"https:\/\/www.sauerlaender-verlag.com\/?page_id=2096"},"modified":"2021-11-06T14:18:15","modified_gmt":"2021-11-06T12:18:15","slug":"shop-forstbenutzung","status":"publish","type":"page","link":"https:\/\/www.sauerlaender-verlag.com\/en\/shop-forstbenutzung\/","title":{"rendered":"Shop &#8211; Forstbenutzung"},"content":{"rendered":"<div class=\"woocommerce columns-3 \"><ul class=\"products columns-3\">\n<li class=\"product type-product post-1737 status-publish first instock product_cat-forstbenutzung product_cat-schriften-der-forstl-fakultaet-goettingen taxable shipping-taxable purchasable product-type-simple\">\n\t<a href=\"https:\/\/www.sauerlaender-verlag.com\/en\/produkt\/band-127-verkernung-und-weitere-verwendungsrelevante-eigenschaften-von-douglasien-schwachholz-aus-unterschiedlich-behandelten-jungbestaenden-folgerungen-fuer-die-sortierung-und-die-industrielle-verw\/\" class=\"woocommerce-LoopProduct-link woocommerce-loop-product__link\"><img loading=\"lazy\" decoding=\"async\" width=\"200\" height=\"200\" src=\"https:\/\/www.sauerlaender-verlag.com\/wp-content\/uploads\/woocommerce-placeholder.png\" class=\"woocommerce-placeholder wp-post-image\" alt=\"Placeholder\" srcset=\"https:\/\/www.sauerlaender-verlag.com\/wp-content\/uploads\/woocommerce-placeholder.png 1200w, https:\/\/www.sauerlaender-verlag.com\/wp-content\/uploads\/woocommerce-placeholder-300x300.png 300w, https:\/\/www.sauerlaender-verlag.com\/wp-content\/uploads\/woocommerce-placeholder-1024x1024.png 1024w, https:\/\/www.sauerlaender-verlag.com\/wp-content\/uploads\/woocommerce-placeholder-150x150.png 150w, https:\/\/www.sauerlaender-verlag.com\/wp-content\/uploads\/woocommerce-placeholder-768x768.png 768w\" sizes=\"auto, (max-width: 200px) 100vw, 200px\" \/><h2 class=\"woocommerce-loop-product__title\">Band 127: Verkernung und weitere verwendungsrelevante Eigenschaften von Douglasien-Schwachholz aus unterschiedlich behandelten Jungbest\u00e4nden: Folgerungen f\u00fcr die Sortierung und die industrielle Verwendung von Douglasien-Schwachholz<\/h2>\n\t<span class=\"price\"><span class=\"woocommerce-Price-amount amount\"><bdi>23,00&nbsp;<span class=\"woocommerce-Price-currencySymbol\">&euro;<\/span><\/bdi><\/span><\/span>\n\n\n\n<\/a>\n\n\t<p class=\"wc-gzd-additional-info wc-gzd-additional-info-loop shipping-costs-info\">zzgl. <a href=\"https:\/\/www.sauerlaender-verlag.com\/en\/versandarten\/\" target=\"_blank\">Versandkosten<\/a><\/p>\n\n\n<a href=\"?add-to-cart=1737\" aria-describedby=\"woocommerce_loop_add_to_cart_link_describedby_1737\" data-quantity=\"1\" class=\"button product_type_simple add_to_cart_button ajax_add_to_cart\" data-product_id=\"1737\" data-product_sku=\"ffg-127\" aria-label=\"Add to cart: &ldquo;Band 127: Verkernung und weitere verwendungsrelevante Eigenschaften von Douglasien-Schwachholz aus unterschiedlich behandelten Jungbest\u00e4nden: Folgerungen f\u00fcr die Sortierung und die industrielle Verwendung von Douglasien-Schwachholz&rdquo;\" rel=\"nofollow\" data-success_message=\"&ldquo;Band 127: Verkernung und weitere verwendungsrelevante Eigenschaften von Douglasien-Schwachholz aus unterschiedlich behandelten Jungbest\u00e4nden: Folgerungen f\u00fcr die Sortierung und die industrielle Verwendung von Douglasien-Schwachholz&rdquo; has been added to your cart\">Add to cart<\/a>\t<span id=\"woocommerce_loop_add_to_cart_link_describedby_1737\" class=\"screen-reader-text\">\n\t\t\t<\/span>\n<\/li>\n<li class=\"product type-product post-1721 status-publish instock product_cat-forstbenutzung product_cat-schriften-der-forstl-fakultaet-goettingen taxable shipping-taxable purchasable product-type-simple\">\n\t<a href=\"https:\/\/www.sauerlaender-verlag.com\/en\/produkt\/band-088-untersuchungen-an-buchenbestaenden-nordwestdeutschlands-ueber-die-variation-der-rohdichte\/\" class=\"woocommerce-LoopProduct-link woocommerce-loop-product__link\"><img loading=\"lazy\" decoding=\"async\" width=\"200\" height=\"200\" src=\"https:\/\/www.sauerlaender-verlag.com\/wp-content\/uploads\/woocommerce-placeholder.png\" class=\"woocommerce-placeholder wp-post-image\" alt=\"Placeholder\" srcset=\"https:\/\/www.sauerlaender-verlag.com\/wp-content\/uploads\/woocommerce-placeholder.png 1200w, https:\/\/www.sauerlaender-verlag.com\/wp-content\/uploads\/woocommerce-placeholder-300x300.png 300w, https:\/\/www.sauerlaender-verlag.com\/wp-content\/uploads\/woocommerce-placeholder-1024x1024.png 1024w, https:\/\/www.sauerlaender-verlag.com\/wp-content\/uploads\/woocommerce-placeholder-150x150.png 150w, https:\/\/www.sauerlaender-verlag.com\/wp-content\/uploads\/woocommerce-placeholder-768x768.png 768w\" sizes=\"auto, (max-width: 200px) 100vw, 200px\" \/><h2 class=\"woocommerce-loop-product__title\">Band 088: Untersuchungen an Buchenbest\u00e4nden Nordwestdeutschlands \u00fcber die Variation der Rohdichte<\/h2>\n\t<span class=\"price\"><span class=\"woocommerce-Price-amount amount\"><bdi>14,60&nbsp;<span class=\"woocommerce-Price-currencySymbol\">&euro;<\/span><\/bdi><\/span><\/span>\n\n\n\n<\/a>\n\n\t<p class=\"wc-gzd-additional-info wc-gzd-additional-info-loop shipping-costs-info\">zzgl. <a href=\"https:\/\/www.sauerlaender-verlag.com\/en\/versandarten\/\" target=\"_blank\">Versandkosten<\/a><\/p>\n\n\n<a href=\"?add-to-cart=1721\" aria-describedby=\"woocommerce_loop_add_to_cart_link_describedby_1721\" data-quantity=\"1\" class=\"button product_type_simple add_to_cart_button ajax_add_to_cart\" data-product_id=\"1721\" data-product_sku=\"ffg-088\" aria-label=\"Add to cart: &ldquo;Band 088: Untersuchungen an Buchenbest\u00e4nden Nordwestdeutschlands \u00fcber die Variation der Rohdichte&rdquo;\" rel=\"nofollow\" data-success_message=\"&ldquo;Band 088: Untersuchungen an Buchenbest\u00e4nden Nordwestdeutschlands \u00fcber die Variation der Rohdichte&rdquo; has been added to your cart\">Add to cart<\/a>\t<span id=\"woocommerce_loop_add_to_cart_link_describedby_1721\" class=\"screen-reader-text\">\n\t\t\t<\/span>\n<\/li>\n<li class=\"product type-product post-1716 status-publish last instock product_cat-forstbenutzung product_cat-schriften-der-forstl-fakultaet-goettingen taxable shipping-taxable purchasable product-type-simple\">\n\t<a href=\"https:\/\/www.sauerlaender-verlag.com\/en\/produkt\/band-081-untersuchung-ueber-die-auswirkungen-von-durchforstungsmassnahmen-auf-die-holzeigenschaften-der-douglasie\/\" class=\"woocommerce-LoopProduct-link woocommerce-loop-product__link\"><img loading=\"lazy\" decoding=\"async\" width=\"200\" height=\"200\" src=\"https:\/\/www.sauerlaender-verlag.com\/wp-content\/uploads\/woocommerce-placeholder.png\" class=\"woocommerce-placeholder wp-post-image\" alt=\"Placeholder\" srcset=\"https:\/\/www.sauerlaender-verlag.com\/wp-content\/uploads\/woocommerce-placeholder.png 1200w, https:\/\/www.sauerlaender-verlag.com\/wp-content\/uploads\/woocommerce-placeholder-300x300.png 300w, https:\/\/www.sauerlaender-verlag.com\/wp-content\/uploads\/woocommerce-placeholder-1024x1024.png 1024w, https:\/\/www.sauerlaender-verlag.com\/wp-content\/uploads\/woocommerce-placeholder-150x150.png 150w, https:\/\/www.sauerlaender-verlag.com\/wp-content\/uploads\/woocommerce-placeholder-768x768.png 768w\" sizes=\"auto, (max-width: 200px) 100vw, 200px\" \/><h2 class=\"woocommerce-loop-product__title\">Band 081: Untersuchung \u00fcber die Auswirkungen von Durchforstungsma\u00dfnahmen auf die Holzeigenschaften der Douglasie<\/h2>\n\t<span class=\"price\"><span class=\"woocommerce-Price-amount amount\"><bdi>12,30&nbsp;<span class=\"woocommerce-Price-currencySymbol\">&euro;<\/span><\/bdi><\/span><\/span>\n\n\n\n<\/a>\n\n\t<p class=\"wc-gzd-additional-info wc-gzd-additional-info-loop shipping-costs-info\">zzgl. <a href=\"https:\/\/www.sauerlaender-verlag.com\/en\/versandarten\/\" target=\"_blank\">Versandkosten<\/a><\/p>\n\n\n<a href=\"?add-to-cart=1716\" aria-describedby=\"woocommerce_loop_add_to_cart_link_describedby_1716\" data-quantity=\"1\" class=\"button product_type_simple add_to_cart_button ajax_add_to_cart\" data-product_id=\"1716\" data-product_sku=\"ffg-081\" aria-label=\"Add to cart: &ldquo;Band 081: Untersuchung \u00fcber die Auswirkungen von Durchforstungsma\u00dfnahmen auf die Holzeigenschaften der Douglasie&rdquo;\" rel=\"nofollow\" data-success_message=\"&ldquo;Band 081: Untersuchung \u00fcber die Auswirkungen von Durchforstungsma\u00dfnahmen auf die Holzeigenschaften der Douglasie&rdquo; has been added to your cart\">Add to cart<\/a>\t<span id=\"woocommerce_loop_add_to_cart_link_describedby_1716\" class=\"screen-reader-text\">\n\t\t\t<\/span>\n<\/li>\n<li class=\"product type-product post-1686 status-publish first instock product_cat-forstbenutzung product_cat-schriften-der-forstl-fakultaet-goettingen taxable shipping-taxable purchasable product-type-simple\">\n\t<a href=\"https:\/\/www.sauerlaender-verlag.com\/en\/produkt\/band-029-ueber-die-zusammenhaenge-zwischen-baumgestalt-und-guete-des-schnittholzes-bei-der-buche\/\" class=\"woocommerce-LoopProduct-link woocommerce-loop-product__link\"><img loading=\"lazy\" decoding=\"async\" width=\"200\" height=\"200\" src=\"https:\/\/www.sauerlaender-verlag.com\/wp-content\/uploads\/woocommerce-placeholder.png\" class=\"woocommerce-placeholder wp-post-image\" alt=\"Placeholder\" srcset=\"https:\/\/www.sauerlaender-verlag.com\/wp-content\/uploads\/woocommerce-placeholder.png 1200w, https:\/\/www.sauerlaender-verlag.com\/wp-content\/uploads\/woocommerce-placeholder-300x300.png 300w, https:\/\/www.sauerlaender-verlag.com\/wp-content\/uploads\/woocommerce-placeholder-1024x1024.png 1024w, https:\/\/www.sauerlaender-verlag.com\/wp-content\/uploads\/woocommerce-placeholder-150x150.png 150w, https:\/\/www.sauerlaender-verlag.com\/wp-content\/uploads\/woocommerce-placeholder-768x768.png 768w\" sizes=\"auto, (max-width: 200px) 100vw, 200px\" \/><h2 class=\"woocommerce-loop-product__title\">Band 029: \u00dcber die Zusammenh\u00e4nge zwischen Baumgestalt und G\u00fcte des Schnittholzes bei der Buche<\/h2>\n\t<span class=\"price\"><span class=\"woocommerce-Price-amount amount\"><bdi>7,10&nbsp;<span class=\"woocommerce-Price-currencySymbol\">&euro;<\/span><\/bdi><\/span><\/span>\n\n\n\n<\/a>\n\n\t<p class=\"wc-gzd-additional-info wc-gzd-additional-info-loop shipping-costs-info\">zzgl. <a href=\"https:\/\/www.sauerlaender-verlag.com\/en\/versandarten\/\" target=\"_blank\">Versandkosten<\/a><\/p>\n\n\n<a href=\"?add-to-cart=1686\" aria-describedby=\"woocommerce_loop_add_to_cart_link_describedby_1686\" data-quantity=\"1\" class=\"button product_type_simple add_to_cart_button ajax_add_to_cart\" data-product_id=\"1686\" data-product_sku=\"ffg-029\" aria-label=\"Add to cart: &ldquo;Band 029: \u00dcber die Zusammenh\u00e4nge zwischen Baumgestalt und G\u00fcte des Schnittholzes bei der Buche&rdquo;\" rel=\"nofollow\" data-success_message=\"&ldquo;Band 029: \u00dcber die Zusammenh\u00e4nge zwischen Baumgestalt und G\u00fcte des Schnittholzes bei der Buche&rdquo; has been added to your cart\">Add to cart<\/a>\t<span id=\"woocommerce_loop_add_to_cart_link_describedby_1686\" class=\"screen-reader-text\">\n\t\t\t<\/span>\n<\/li>\n<li class=\"product type-product post-1682 status-publish instock product_cat-forstbenutzung product_cat-schriften-der-forstl-fakultaet-goettingen taxable shipping-taxable purchasable product-type-simple\">\n\t<a href=\"https:\/\/www.sauerlaender-verlag.com\/en\/produkt\/band-023-untersuchungen-ueber-bewertung-und-guetemerkmale-des-eichenholzes-aus-ver-schiedenen-wuchsgebieten\/\" class=\"woocommerce-LoopProduct-link woocommerce-loop-product__link\"><img loading=\"lazy\" decoding=\"async\" width=\"200\" height=\"200\" src=\"https:\/\/www.sauerlaender-verlag.com\/wp-content\/uploads\/woocommerce-placeholder.png\" class=\"woocommerce-placeholder wp-post-image\" alt=\"Placeholder\" srcset=\"https:\/\/www.sauerlaender-verlag.com\/wp-content\/uploads\/woocommerce-placeholder.png 1200w, https:\/\/www.sauerlaender-verlag.com\/wp-content\/uploads\/woocommerce-placeholder-300x300.png 300w, https:\/\/www.sauerlaender-verlag.com\/wp-content\/uploads\/woocommerce-placeholder-1024x1024.png 1024w, https:\/\/www.sauerlaender-verlag.com\/wp-content\/uploads\/woocommerce-placeholder-150x150.png 150w, https:\/\/www.sauerlaender-verlag.com\/wp-content\/uploads\/woocommerce-placeholder-768x768.png 768w\" sizes=\"auto, (max-width: 200px) 100vw, 200px\" \/><h2 class=\"woocommerce-loop-product__title\">Band 023: Untersuchungen \u00fcber Bewertung und G\u00fctemerkmale des Eichenholzes aus ver-schiedenen Wuchsgebieten<\/h2>\n\t<span class=\"price\"><span class=\"woocommerce-Price-amount amount\"><bdi>7,90&nbsp;<span class=\"woocommerce-Price-currencySymbol\">&euro;<\/span><\/bdi><\/span><\/span>\n\n\n\n<\/a>\n\n\t<p class=\"wc-gzd-additional-info wc-gzd-additional-info-loop shipping-costs-info\">zzgl. <a href=\"https:\/\/www.sauerlaender-verlag.com\/en\/versandarten\/\" target=\"_blank\">Versandkosten<\/a><\/p>\n\n\n<a href=\"?add-to-cart=1682\" aria-describedby=\"woocommerce_loop_add_to_cart_link_describedby_1682\" data-quantity=\"1\" class=\"button product_type_simple add_to_cart_button ajax_add_to_cart\" data-product_id=\"1682\" data-product_sku=\"ffg-023\" aria-label=\"Add to cart: &ldquo;Band 023: Untersuchungen \u00fcber Bewertung und G\u00fctemerkmale des Eichenholzes aus ver-schiedenen Wuchsgebieten&rdquo;\" rel=\"nofollow\" data-success_message=\"&ldquo;Band 023: Untersuchungen \u00fcber Bewertung und G\u00fctemerkmale des Eichenholzes aus ver-schiedenen Wuchsgebieten&rdquo; has been added to your cart\">Add to cart<\/a>\t<span id=\"woocommerce_loop_add_to_cart_link_describedby_1682\" class=\"screen-reader-text\">\n\t\t\t<\/span>\n<\/li>\n<li class=\"product type-product post-1680 status-publish last instock product_cat-forstbenutzung product_cat-schriften-der-forstl-fakultaet-goettingen taxable shipping-taxable purchasable product-type-simple\">\n\t<a href=\"https:\/\/www.sauerlaender-verlag.com\/en\/produkt\/band-020-untersuchungen-ueber-die-beziehungen-zwischen-holzeigenschaften-und-wuchs-der-gastbaumart-douglasie\/\" class=\"woocommerce-LoopProduct-link woocommerce-loop-product__link\"><img loading=\"lazy\" decoding=\"async\" width=\"200\" height=\"200\" src=\"https:\/\/www.sauerlaender-verlag.com\/wp-content\/uploads\/woocommerce-placeholder.png\" class=\"woocommerce-placeholder wp-post-image\" alt=\"Placeholder\" srcset=\"https:\/\/www.sauerlaender-verlag.com\/wp-content\/uploads\/woocommerce-placeholder.png 1200w, https:\/\/www.sauerlaender-verlag.com\/wp-content\/uploads\/woocommerce-placeholder-300x300.png 300w, https:\/\/www.sauerlaender-verlag.com\/wp-content\/uploads\/woocommerce-placeholder-1024x1024.png 1024w, https:\/\/www.sauerlaender-verlag.com\/wp-content\/uploads\/woocommerce-placeholder-150x150.png 150w, https:\/\/www.sauerlaender-verlag.com\/wp-content\/uploads\/woocommerce-placeholder-768x768.png 768w\" sizes=\"auto, (max-width: 200px) 100vw, 200px\" \/><h2 class=\"woocommerce-loop-product__title\">Band 020: Untersuchungen \u00fcber die Beziehungen zwischen Holzeigenschaften und Wuchs der Gastbaumart Douglasie<\/h2>\n\t<span class=\"price\"><span class=\"woocommerce-Price-amount amount\"><bdi>8,30&nbsp;<span class=\"woocommerce-Price-currencySymbol\">&euro;<\/span><\/bdi><\/span><\/span>\n\n\n\n<\/a>\n\n\t<p class=\"wc-gzd-additional-info wc-gzd-additional-info-loop shipping-costs-info\">zzgl. <a href=\"https:\/\/www.sauerlaender-verlag.com\/en\/versandarten\/\" target=\"_blank\">Versandkosten<\/a><\/p>\n\n\n<a href=\"?add-to-cart=1680\" aria-describedby=\"woocommerce_loop_add_to_cart_link_describedby_1680\" data-quantity=\"1\" class=\"button product_type_simple add_to_cart_button ajax_add_to_cart\" data-product_id=\"1680\" data-product_sku=\"ffg-020\" aria-label=\"Add to cart: &ldquo;Band 020: Untersuchungen \u00fcber die Beziehungen zwischen Holzeigenschaften und Wuchs der Gastbaumart Douglasie&rdquo;\" rel=\"nofollow\" data-success_message=\"&ldquo;Band 020: Untersuchungen \u00fcber die Beziehungen zwischen Holzeigenschaften und Wuchs der Gastbaumart Douglasie&rdquo; has been added to your cart\">Add to cart<\/a>\t<span id=\"woocommerce_loop_add_to_cart_link_describedby_1680\" class=\"screen-reader-text\">\n\t\t\t<\/span>\n<\/li>\n<li class=\"product type-product post-1679 status-publish first instock product_cat-forstbenutzung product_cat-schriften-der-forstl-fakultaet-goettingen taxable shipping-taxable purchasable product-type-simple\">\n\t<a href=\"https:\/\/www.sauerlaender-verlag.com\/en\/produkt\/band-016-die-bringungstechnik-als-gemeinsames-problem-von-forst-und-holzwirtschaft\/\" class=\"woocommerce-LoopProduct-link woocommerce-loop-product__link\"><img loading=\"lazy\" decoding=\"async\" width=\"200\" height=\"200\" src=\"https:\/\/www.sauerlaender-verlag.com\/wp-content\/uploads\/woocommerce-placeholder.png\" class=\"woocommerce-placeholder wp-post-image\" alt=\"Placeholder\" srcset=\"https:\/\/www.sauerlaender-verlag.com\/wp-content\/uploads\/woocommerce-placeholder.png 1200w, https:\/\/www.sauerlaender-verlag.com\/wp-content\/uploads\/woocommerce-placeholder-300x300.png 300w, https:\/\/www.sauerlaender-verlag.com\/wp-content\/uploads\/woocommerce-placeholder-1024x1024.png 1024w, https:\/\/www.sauerlaender-verlag.com\/wp-content\/uploads\/woocommerce-placeholder-150x150.png 150w, https:\/\/www.sauerlaender-verlag.com\/wp-content\/uploads\/woocommerce-placeholder-768x768.png 768w\" sizes=\"auto, (max-width: 200px) 100vw, 200px\" \/><h2 class=\"woocommerce-loop-product__title\">Band 016: Die Bringungstechnik als gemeinsames Problem von Forst- und Holzwirtschaft<\/h2>\n\t<span class=\"price\"><span class=\"woocommerce-Price-amount amount\"><bdi>7,80&nbsp;<span class=\"woocommerce-Price-currencySymbol\">&euro;<\/span><\/bdi><\/span><\/span>\n\n\n\n<\/a>\n\n\t<p class=\"wc-gzd-additional-info wc-gzd-additional-info-loop shipping-costs-info\">zzgl. <a href=\"https:\/\/www.sauerlaender-verlag.com\/en\/versandarten\/\" target=\"_blank\">Versandkosten<\/a><\/p>\n\n\n<a href=\"?add-to-cart=1679\" aria-describedby=\"woocommerce_loop_add_to_cart_link_describedby_1679\" data-quantity=\"1\" class=\"button product_type_simple add_to_cart_button ajax_add_to_cart\" data-product_id=\"1679\" data-product_sku=\"ffg-016\" aria-label=\"Add to cart: &ldquo;Band 016: Die Bringungstechnik als gemeinsames Problem von Forst- und Holzwirtschaft&rdquo;\" rel=\"nofollow\" data-success_message=\"&ldquo;Band 016: Die Bringungstechnik als gemeinsames Problem von Forst- und Holzwirtschaft&rdquo; has been added to your cart\">Add to cart<\/a>\t<span id=\"woocommerce_loop_add_to_cart_link_describedby_1679\" class=\"screen-reader-text\">\n\t\t\t<\/span>\n<\/li>\n<\/ul>\n<\/div>","protected":false},"excerpt":{"rendered":"","protected":false},"author":1,"featured_media":0,"parent":0,"menu_order":0,"comment_status":"closed","ping_status":"closed","template":"","meta":{"footnotes":""},"class_list":["post-2096","page","type-page","status-publish","hentry"],"translation":{"provider":"WPGlobus","version":"3.0.0","language":"en","enabled_languages":["de","en"],"languages":{"de":{"title":true,"content":true,"excerpt":false},"en":{"title":false,"content":false,"excerpt":false}}},"_links":{"self":[{"href":"https:\/\/www.sauerlaender-verlag.com\/en\/wp-json\/wp\/v2\/pages\/2096","targetHints":{"allow":["GET"]}}],"collection":[{"href":"https:\/\/www.sauerlaender-verlag.com\/en\/wp-json\/wp\/v2\/pages"}],"about":[{"href":"https:\/\/www.sauerlaender-verlag.com\/en\/wp-json\/wp\/v2\/types\/page"}],"author":[{"embeddable":true,"href":"https:\/\/www.sauerlaender-verlag.com\/en\/wp-json\/wp\/v2\/users\/1"}],"replies":[{"embeddable":true,"href":"https:\/\/www.sauerlaender-verlag.com\/en\/wp-json\/wp\/v2\/comments?post=2096"}],"version-history":[{"count":1,"href":"https:\/\/www.sauerlaender-verlag.com\/en\/wp-json\/wp\/v2\/pages\/2096\/revisions"}],"predecessor-version":[{"id":2097,"href":"https:\/\/www.sauerlaender-verlag.com\/en\/wp-json\/wp\/v2\/pages\/2096\/revisions\/2097"}],"wp:attachment":[{"href":"https:\/\/www.sauerlaender-verlag.com\/en\/wp-json\/wp\/v2\/media?parent=2096"}],"curies":[{"name":"wp","href":"https:\/\/api.w.org\/{rel}","templated":true}]}}